{"id":3704,"date":"2024-11-01T18:49:41","date_gmt":"2024-11-01T17:49:41","guid":{"rendered":"https:\/\/thierry-bonnaudet.com\/?page_id=3704"},"modified":"2024-11-01T18:51:23","modified_gmt":"2024-11-01T17:51:23","slug":"toscane","status":"publish","type":"page","link":"https:\/\/thierry-bonnaudet.com\/?page_id=3704","title":{"rendered":"Toscane"},"content":{"rendered":"\n<h1 class=\"has-text-align-center\">VOYAGE<\/h1>\n\n\n\n<h1 class=\"has-text-align-center has-very-dark-gray-color has-text-color\">&#8211; Toscane &#8211;<\/h1>\n\n\n\n<p class=\"has-text-align-center has-luminous-vivid-orange-color has-text-color has-large-font-size\">\u00ab\u00a0Au coeur des collines en \u00e9t\u00e9\u00a0\u00bb<\/p>\n\n\n\n<div class=\"wp-block-image\"><figure class=\"aligncenter size-large\"><img loading=\"lazy\" width=\"600\" height=\"400\" src=\"https:\/\/thierry-bonnaudet.com\/wp-content\/uploads\/2024\/11\/sunset-agriturismo-baccoleno-near-asciano-14789858.jpg\" alt=\"\" class=\"wp-image-3705\" srcset=\"https:\/\/thierry-bonnaudet.com\/wp-content\/uploads\/2024\/11\/sunset-agriturismo-baccoleno-near-asciano-14789858.jpg 600w, https:\/\/thierry-bonnaudet.com\/wp-content\/uploads\/2024\/11\/sunset-agriturismo-baccoleno-near-asciano-14789858-300x200.jpg 300w\" sizes=\"(max-width: 600px) 100vw, 600px\" \/><\/figure><\/div>\n\n\n\n<hr class=\"wp-block-separator\"\/>\n\n\n\n<div class=\"wp-block-media-text alignwide is-stacked-on-mobile is-vertically-aligned-center\" style=\"grid-template-columns:22% auto\"><figure class=\"wp-block-media-text__media\"><img loading=\"lazy\" width=\"185\" height=\"185\" src=\"https:\/\/thierry-bonnaudet.com\/wp-content\/uploads\/2020\/06\/image.jpg\" alt=\"\" class=\"wp-image-2881 size-full\" srcset=\"https:\/\/thierry-bonnaudet.com\/wp-content\/uploads\/2020\/06\/image.jpg 185w, https:\/\/thierry-bonnaudet.com\/wp-content\/uploads\/2020\/06\/image-150x150.jpg 150w, https:\/\/thierry-bonnaudet.com\/wp-content\/uploads\/2020\/06\/image-100x100.jpg 100w\" sizes=\"(max-width: 185px) 100vw, 185px\" \/><\/figure><div class=\"wp-block-media-text__content\">\n<p class=\"has-very-dark-gray-color has-white-background-color has-text-color has-background has-medium-font-size\">Membre de l&rsquo;agence Photographes du monde, je vous emm\u00e8ne d\u00e9couvrir les Asturies<\/p>\n<\/div><\/div>\n\n\n\n<div class=\"wp-block-media-text alignwide has-media-on-the-right is-stacked-on-mobile\"><figure class=\"wp-block-media-text__media\"><img loading=\"lazy\" width=\"742\" height=\"1024\" src=\"https:\/\/thierry-bonnaudet.com\/wp-content\/uploads\/2024\/11\/rue-volterra-italie-scaled-1-742x1024.jpg\" alt=\"\" class=\"wp-image-3706 size-full\" srcset=\"https:\/\/thierry-bonnaudet.com\/wp-content\/uploads\/2024\/11\/rue-volterra-italie-scaled-1-742x1024.jpg 742w, https:\/\/thierry-bonnaudet.com\/wp-content\/uploads\/2024\/11\/rue-volterra-italie-scaled-1-217x300.jpg 217w, https:\/\/thierry-bonnaudet.com\/wp-content\/uploads\/2024\/11\/rue-volterra-italie-scaled-1-768x1060.jpg 768w, https:\/\/thierry-bonnaudet.com\/wp-content\/uploads\/2024\/11\/rue-volterra-italie-scaled-1-1112x1536.jpg 1112w, https:\/\/thierry-bonnaudet.com\/wp-content\/uploads\/2024\/11\/rue-volterra-italie-scaled-1-1483x2048.jpg 1483w, https:\/\/thierry-bonnaudet.com\/wp-content\/uploads\/2024\/11\/rue-volterra-italie-scaled-1-290x400.jpg 290w, https:\/\/thierry-bonnaudet.com\/wp-content\/uploads\/2024\/11\/rue-volterra-italie-scaled-1-782x1080.jpg 782w, https:\/\/thierry-bonnaudet.com\/wp-content\/uploads\/2024\/11\/rue-volterra-italie-scaled-1-1400x1933.jpg 1400w, https:\/\/thierry-bonnaudet.com\/wp-content\/uploads\/2024\/11\/rue-volterra-italie-scaled-1-300x414.jpg 300w, https:\/\/thierry-bonnaudet.com\/wp-content\/uploads\/2024\/11\/rue-volterra-italie-scaled-1-600x828.jpg 600w, https:\/\/thierry-bonnaudet.com\/wp-content\/uploads\/2024\/11\/rue-volterra-italie-scaled-1.jpg 1854w\" sizes=\"(max-width: 742px) 100vw, 742px\" \/><\/figure><div class=\"wp-block-media-text__content\">\n<p class=\"has-drop-cap has-normal-font-size\">Parsem\u00e9e de collines et d\u2019all\u00e9es de cypr\u00e8s, sa campagne vert dor\u00e9 baign\u00e9e de lumi\u00e8re a su conserver des paysages d\u2019une rare beaut\u00e9 \u00e0 travers les si\u00e8cles et n\u2019a jamais cess\u00e9 d\u2019inspirer les artistes, de Giotto \u00e0 Michel-Ange en passant par Botticelli et tant d\u2019autres. Laissez-vous envo\u00fbter par les couleurs de l\u2019\u00e9t\u00e9 pour d\u00e9couvrir le d\u00e9cor somptueux de la Toscane, entre petits villages, champs d\u2019oliviers, villes d\u2019art et bords de mer.<\/p>\n<\/div><\/div>\n\n\n\n<hr class=\"wp-block-separator\"\/>\n\n\n\n<p class=\"has-text-align-center has-very-light-gray-background-color has-background\"><strong>Prochains d\u00e9parts <\/strong><\/p>\n\n\n\n<ul id=\"block-a364f380-e0ff-4d1d-9802-51eb53f904ad\"><li>Du<strong> 7 juillet<\/strong> au<strong> 13 juillet 2025<\/strong><\/li><\/ul>\n\n\n\n<div class=\"wp-block-buttons aligncenter\">\n<div class=\"wp-block-button is-style-outline\"><a class=\"wp-block-button__link has-luminous-vivid-orange-color has-text-color no-border-radius\" href=\"https:\/\/www.photographesdumonde.com\/voyage-photo\/europe\/italie\/toscane\/toscane-etes\" target=\"_blank\" rel=\"noreferrer noopener\">Consulter le PROGRAMME ici<\/a><\/div>\n<\/div>\n\n\n\n<hr class=\"wp-block-separator\"\/>\n\n\n\n<figure class=\"wp-block-image size-large\"><img loading=\"lazy\" width=\"750\" height=\"500\" src=\"https:\/\/thierry-bonnaudet.com\/wp-content\/uploads\/2024\/11\/ITACTTOS-circuits-italie-tui.jpg\" alt=\"\" class=\"wp-image-3707\" srcset=\"https:\/\/thierry-bonnaudet.com\/wp-content\/uploads\/2024\/11\/ITACTTOS-circuits-italie-tui.jpg 750w, https:\/\/thierry-bonnaudet.com\/wp-content\/uploads\/2024\/11\/ITACTTOS-circuits-italie-tui-300x200.jpg 300w, https:\/\/thierry-bonnaudet.com\/wp-content\/uploads\/2024\/11\/ITACTTOS-circuits-italie-tui-600x400.jpg 600w\" sizes=\"(max-width: 750px) 100vw, 750px\" \/><\/figure>\n","protected":false},"excerpt":{"rendered":"<p>VOYAGE &#8211; Toscane &#8211; \u00ab\u00a0Au coeur des collines en \u00e9t\u00e9\u00a0\u00bb Membre de l&rsquo;agence Photographes du monde, je vous emm\u00e8ne d\u00e9couvrir les Asturies Parsem\u00e9e de collines et d\u2019all\u00e9es de cypr\u00e8s, sa campagne vert dor\u00e9 baign\u00e9e de lumi\u00e8re a su conserver des paysages d\u2019une rare beaut\u00e9 \u00e0 travers les si\u00e8cles et n\u2019a jamais cess\u00e9 d\u2019inspirer les artistes,&#8230; <span class=\"more\"><a class=\"more-link\" href=\"https:\/\/thierry-bonnaudet.com\/?page_id=3704\">Read More<\/a><\/span><\/p>\n","protected":false},"author":1,"featured_media":0,"parent":0,"menu_order":0,"comment_status":"closed","ping_status":"closed","template":"","meta":[],"_links":{"self":[{"href":"https:\/\/thierry-bonnaudet.com\/index.php?rest_route=\/wp\/v2\/pages\/3704"}],"collection":[{"href":"https:\/\/thierry-bonnaudet.com\/index.php?rest_route=\/wp\/v2\/pages"}],"about":[{"href":"https:\/\/thierry-bonnaudet.com\/index.php?rest_route=\/wp\/v2\/types\/page"}],"author":[{"embeddable":true,"href":"https:\/\/thierry-bonnaudet.com\/index.php?rest_route=\/wp\/v2\/users\/1"}],"replies":[{"embeddable":true,"href":"https:\/\/thierry-bonnaudet.com\/index.php?rest_route=%2Fwp%2Fv2%2Fcomments&post=3704"}],"version-history":[{"count":2,"href":"https:\/\/thierry-bonnaudet.com\/index.php?rest_route=\/wp\/v2\/pages\/3704\/revisions"}],"predecessor-version":[{"id":3711,"href":"https:\/\/thierry-bonnaudet.com\/index.php?rest_route=\/wp\/v2\/pages\/3704\/revisions\/3711"}],"wp:attachment":[{"href":"https:\/\/thierry-bonnaudet.com\/index.php?rest_route=%2Fwp%2Fv2%2Fmedia&parent=3704"}],"curies":[{"name":"wp","href":"https:\/\/api.w.org\/{rel}","templated":true}]}}